{"id":8251,"date":"2019-12-24T13:55:13","date_gmt":"2019-12-24T12:55:13","guid":{"rendered":"https:\/\/www.zelenica.info\/contact\/"},"modified":"2024-12-01T13:46:53","modified_gmt":"2024-12-01T12:46:53","slug":"kontakt","status":"publish","type":"page","link":"https:\/\/www.zelenica.info\/cs\/kontakt\/","title":{"rendered":"Kontakt"},"content":{"rendered":"\t\t<div data-elementor-type=\"wp-page\" data-elementor-id=\"8251\" class=\"elementor elementor-8251 elementor-2055\" data-elementor-settings=\"{&quot;element_pack_global_tooltip_width&quot;:{&quot;unit&quot;:&quot;px&quot;,&quot;size&quot;:&quot;&quot;,&quot;sizes&quot;:[]},&quot;element_pack_global_tooltip_width_tablet&quot;:{&quot;unit&quot;:&quot;px&quot;,&quot;size&quot;:&quot;&quot;,&quot;sizes&quot;:[]},&quot;element_pack_global_tooltip_width_mobile&quot;:{&quot;unit&quot;:&quot;px&quot;,&quot;size&quot;:&quot;&quot;,&quot;sizes&quot;:[]},&quot;element_pack_global_tooltip_padding&quot;:{&quot;unit&quot;:&quot;px&quot;,&quot;top&quot;:&quot;&quot;,&quot;right&quot;:&quot;&quot;,&quot;bottom&quot;:&quot;&quot;,&quot;left&quot;:&quot;&quot;,&quot;isLinked&quot;:true},&quot;element_pack_global_tooltip_padding_tablet&quot;:{&quot;unit&quot;:&quot;px&quot;,&quot;top&quot;:&quot;&quot;,&quot;right&quot;:&quot;&quot;,&quot;bottom&quot;:&quot;&quot;,&quot;left&quot;:&quot;&quot;,&quot;isLinked&quot;:true},&quot;element_pack_global_tooltip_padding_mobile&quot;:{&quot;unit&quot;:&quot;px&quot;,&quot;top&quot;:&quot;&quot;,&quot;right&quot;:&quot;&quot;,&quot;bottom&quot;:&quot;&quot;,&quot;left&quot;:&quot;&quot;,&quot;isLinked&quot;:true},&quot;element_pack_global_tooltip_border_radius&quot;:{&quot;unit&quot;:&quot;px&quot;,&quot;top&quot;:&quot;&quot;,&quot;right&quot;:&quot;&quot;,&quot;bottom&quot;:&quot;&quot;,&quot;left&quot;:&quot;&quot;,&quot;isLinked&quot;:true},&quot;element_pack_global_tooltip_border_radius_tablet&quot;:{&quot;unit&quot;:&quot;px&quot;,&quot;top&quot;:&quot;&quot;,&quot;right&quot;:&quot;&quot;,&quot;bottom&quot;:&quot;&quot;,&quot;left&quot;:&quot;&quot;,&quot;isLinked&quot;:true},&quot;element_pack_global_tooltip_border_radius_mobile&quot;:{&quot;unit&quot;:&quot;px&quot;,&quot;top&quot;:&quot;&quot;,&quot;right&quot;:&quot;&quot;,&quot;bottom&quot;:&quot;&quot;,&quot;left&quot;:&quot;&quot;,&quot;isLinked&quot;:true}}\">\n\t\t\t\t\t\t<section class=\"xts-negative-gap elementor-section elementor-top-section elementor-element elementor-element-210180a elementor-section-boxed elementor-section-height-default elementor-section-height-default xts-section-disabled\" data-id=\"210180a\" data-element_type=\"section\" data-e-type=\"section\">\n\t\t\t\t\t\t<div class=\"elementor-container elementor-column-gap-default\">\n\t\t\t\t\t<div class=\"elementor-column elementor-col-50 elementor-top-column elementor-element elementor-element-9fada49\" data-id=\"9fada49\" data-element_type=\"column\" data-e-type=\"column\">\n\t\t\t<div class=\"elementor-widget-wrap elementor-element-populated\">\n\t\t\t\t\t\t<div class=\"elementor-element elementor-element-da8f908 xts-width-100 elementor-widget elementor-widget-xts_title\" data-id=\"da8f908\" data-element_type=\"widget\" data-e-type=\"widget\" data-widget_type=\"xts_title.default\">\n\t\t\t\t<div class=\"elementor-widget-container\">\n\t\t\t\t\t\t\t\t<div class=\"xts-section-heading xts-reset-mb-10 xts-reset-last xts-textalign-left\" data-animation-delay=\"\">\n\t\t\t\t\n\t\t\t\t\t\t\t\t\t<h1 class=\"xts-section-title title xts-design-default xts-fontsize-xl\">\n\t\t\t\t\t\t<span class=\"xts-section-title-text\" data-elementor-setting-key=\"title\">\n\t\t\t\t\t\t\tKontakt\t\t\t\t\t\t<\/span>\n\n\t\t\t\t\t\t\t\t\t\t\t<\/h1>\n\t\t\t\t\n\t\t\t\t\n\t\t\t\t\t\t\t\t\t<div class=\"xts-section-desc xts-fontsize-m\">\n\t\t\t\t\t\t<div class=\"xts-section-desc-text xts-reset-all-last\" data-elementor-setting-key=\"description\">\n\t\t\t\t\t\t\t<p><strong><span>Planinski dom na Zelenici<\/span><\/strong><br \/><span>Doslov\u010de 39<\/span><br \/><span>4274 \u017dirovnica, Slovinsko<\/span><\/p>\t\t\t\t\t\t<\/div>\n\t\t\t\t\t<\/div>\n\t\t\t\t\t\t\t<\/div>\n\t\t\t\t\t\t<\/div>\n\t\t\t\t<\/div>\n\t\t\t\t<div class=\"elementor-element elementor-element-bc36e0d xts-width-100 elementor-widget elementor-widget-xts_title\" data-id=\"bc36e0d\" data-element_type=\"widget\" data-e-type=\"widget\" data-widget_type=\"xts_title.default\">\n\t\t\t\t<div class=\"elementor-widget-container\">\n\t\t\t\t\t\t\t\t<div class=\"xts-section-heading xts-reset-mb-10 xts-reset-last xts-textalign-left\" data-animation-delay=\"\">\n\t\t\t\t\n\t\t\t\t\n\t\t\t\t\n\t\t\t\t\t\t\t\t\t<div class=\"xts-section-desc xts-fontsize-m\">\n\t\t\t\t\t\t<div class=\"xts-section-desc-text xts-reset-all-last\" data-elementor-setting-key=\"description\">\n\t\t\t\t\t\t\t<p><strong>T: +386 40 627 808\u00a0<\/strong><br \/><strong><a href=\"mailto:guc.zelenica@gmail.com\">@ guc.zelenica@gmail.com<\/a><\/strong><\/p>\t\t\t\t\t\t<\/div>\n\t\t\t\t\t<\/div>\n\t\t\t\t\t\t\t<\/div>\n\t\t\t\t\t\t<\/div>\n\t\t\t\t<\/div>\n\t\t\t\t<div class=\"elementor-element elementor-element-49f37bf xts-width-100 elementor-widget elementor-widget-xts_title\" data-id=\"49f37bf\" data-element_type=\"widget\" data-e-type=\"widget\" data-widget_type=\"xts_title.default\">\n\t\t\t\t<div class=\"elementor-widget-container\">\n\t\t\t\t\t\t\t\t<div class=\"xts-section-heading xts-reset-mb-10 xts-reset-last xts-textalign-left\" data-animation-delay=\"\">\n\t\t\t\t\n\t\t\t\t\n\t\t\t\t\n\t\t\t\t\t\t\t\t\t<div class=\"xts-section-desc xts-fontsize-m\">\n\t\t\t\t\t\t<div class=\"xts-section-desc-text xts-reset-all-last\" data-elementor-setting-key=\"description\">\n\t\t\t\t\t\t\t<p><strong><span>Mana\u017eer<\/span><\/strong><span>\u00a0: Denis Berra<\/span><\/p>\t\t\t\t\t\t<\/div>\n\t\t\t\t\t<\/div>\n\t\t\t\t\t\t\t<\/div>\n\t\t\t\t\t\t<\/div>\n\t\t\t\t<\/div>\n\t\t\t\t<div class=\"elementor-element elementor-element-133a394 xts-width-100 elementor-widget elementor-widget-xts_title\" data-id=\"133a394\" data-element_type=\"widget\" data-e-type=\"widget\" data-widget_type=\"xts_title.default\">\n\t\t\t\t<div class=\"elementor-widget-container\">\n\t\t\t\t\t\t\t\t<div class=\"xts-section-heading xts-reset-mb-10 xts-reset-last xts-textalign-left\" data-animation-delay=\"\">\n\t\t\t\t\n\t\t\t\t\n\t\t\t\t\n\t\t\t\t\t\t\t\t\t<div class=\"xts-section-desc xts-fontsize-m\">\n\t\t\t\t\t\t<div class=\"xts-section-desc-text xts-reset-all-last\" data-elementor-setting-key=\"description\">\n\t\t\t\t\t\t\t<p><strong><span>Vedouc\u00ed GUC a velitel l\u00f3\u017ee:\u00a0<\/span><\/strong><br \/><span>Stanko Koblar \/ +386 40 627 808<\/span><\/p>\t\t\t\t\t\t<\/div>\n\t\t\t\t\t<\/div>\n\t\t\t\t\t\t\t<\/div>\n\t\t\t\t\t\t<\/div>\n\t\t\t\t<\/div>\n\t\t\t\t\t<\/div>\n\t\t<\/div>\n\t\t\t\t<div class=\"elementor-column elementor-col-50 elementor-top-column elementor-element elementor-element-a54fc23\" data-id=\"a54fc23\" data-element_type=\"column\" data-e-type=\"column\">\n\t\t\t<div class=\"elementor-widget-wrap elementor-element-populated\">\n\t\t\t\t\t\t<div class=\"elementor-element elementor-element-40d987c xts-width-100 elementor-widget elementor-widget-xts_title\" data-id=\"40d987c\" data-element_type=\"widget\" data-e-type=\"widget\" data-widget_type=\"xts_title.default\">\n\t\t\t\t<div class=\"elementor-widget-container\">\n\t\t\t\t\t\t\t\t<div class=\"xts-section-heading xts-reset-mb-10 xts-reset-last xts-textalign-left\" data-animation-delay=\"\">\n\t\t\t\t\n\t\t\t\t\t\t\t\t\t<h4 class=\"xts-section-title title xts-design-default xts-fontsize-l\">\n\t\t\t\t\t\t<span class=\"xts-section-title-text\" data-elementor-setting-key=\"title\">\n\t\t\t\t\t\t\tProvozn\u00ed doba:\t\t\t\t\t\t<\/span>\n\n\t\t\t\t\t\t\t\t\t\t\t<\/h4>\n\t\t\t\t\n\t\t\t\t\n\t\t\t\t\t\t\t\t\t<div class=\"xts-section-desc xts-fontsize-m\">\n\t\t\t\t\t\t<div class=\"xts-section-desc-text xts-reset-all-last\" data-elementor-setting-key=\"description\">\n\t\t\t\t\t\t\t<div class=\"elementor-element elementor-element-40d987c elementor-widget elementor-widget-xts_title\" data-id=\"40d987c\" data-element_type=\"widget\" data-widget_type=\"xts_title.default\"><div class=\"elementor-widget-container\"><div class=\"xts-section-heading xts-reset-mb-10 xts-reset-last xts-textalign-left\" data-animation-delay=\"\"><div class=\"xts-section-desc xts-fontsize-m\"><div class=\"xts-section-desc-text xts-reset-all-last\" data-elementor-setting-key=\"description\"><ul><li><span>Od 1.6. do 30.9. otev\u0159eno ka\u017ed\u00fd den,<\/span><\/li><li><span>od 1.10. do 31.5. od st\u0159edy od 12:00 do ned\u011ble do 16:00 a v\u0161echny sv\u00e1tky a pr\u00e1zdniny. Pro skupiny budeme m\u00edt otev\u0159eno i v jin\u00e9 dny.<\/span><\/li><\/ul><\/div><\/div><\/div><\/div><\/div>\t\t\t\t\t\t<\/div>\n\t\t\t\t\t<\/div>\n\t\t\t\t\t\t\t<\/div>\n\t\t\t\t\t\t<\/div>\n\t\t\t\t<\/div>\n\t\t\t\t<div class=\"elementor-element elementor-element-2cdaadd xts-width-100 elementor-widget elementor-widget-xts_title\" data-id=\"2cdaadd\" data-element_type=\"widget\" data-e-type=\"widget\" data-widget_type=\"xts_title.default\">\n\t\t\t\t<div class=\"elementor-widget-container\">\n\t\t\t\t\t\t\t\t<div class=\"xts-section-heading xts-reset-mb-10 xts-reset-last xts-textalign-left\" data-animation-delay=\"\">\n\t\t\t\t\n\t\t\t\t\n\t\t\t\t\n\t\t\t\t\t\t\t\t\t<div class=\"xts-section-desc xts-fontsize-m\">\n\t\t\t\t\t\t<div class=\"xts-section-desc-text xts-reset-all-last\" data-elementor-setting-key=\"description\">\n\t\t\t\t\t\t\t<p>Majitelem a provozovatelem srubu je <strong><a href=\"http:\/\/www.planinsko-drustvo-trzic.si\/\" target=\"_blank\" rel=\"noopener\">Planinsko dru\u0161tvo Tr\u017ei\u010d<\/a><\/strong><\/p>\t\t\t\t\t\t<\/div>\n\t\t\t\t\t<\/div>\n\t\t\t\t\t\t\t<\/div>\n\t\t\t\t\t\t<\/div>\n\t\t\t\t<\/div>\n\t\t\t\t<div class=\"elementor-element elementor-element-5494265 elementor-widget elementor-widget-xts_image\" data-id=\"5494265\" data-element_type=\"widget\" data-e-type=\"widget\" data-widget_type=\"xts_image.default\">\n\t\t\t\t<div class=\"elementor-widget-container\">\n\t\t\t\t\t\t\t\t<div class=\"xts-image-single xts-textalign-left\">\n\t\t\t\t<figure class=\"xts-image\">\n\t\t\t\t\t\t\t\t\t\t\t<a  href=\"https:\/\/www.planinsko-drustvo-trzic.si\/\" target=\"_blank\" class=\"xts-image-inner\">\n\t\t\t\t\t\n\t\t\t\t\t\t<img decoding=\"async\" src=\"https:\/\/www.zelenica.info\/wp-content\/uploads\/elementor\/thumbs\/pd-trzic-logo-qjkm24dvjy5g0i6pu3pf0kbl8a6k0psla8wa6ba7x0.jpg\" title=\"pd-trzic-logo\" alt=\"pd-trzic-logo\" loading=\"lazy\" \/>\n\t\t\t\t\t\t\t\t\t\t\t<\/a>\n\t\t\t\t\t\n\t\t\t\t\t\t\t\t\t<\/figure>\n\n\t\t\t\t\t\t\t<\/div>\n\t\t\t\t\t\t<\/div>\n\t\t\t\t<\/div>\n\t\t\t\t\t<\/div>\n\t\t<\/div>\n\t\t\t\t\t<\/div>\n\t\t<\/section>\n\t\t\t\t<\/div>\n\t\t","protected":false},"excerpt":{"rendered":"<p>Kontakt Planinski dom na ZeleniciDoslov\u010de 394274 \u017dirovnica, Slovinsko T: +386 40 627 808\u00a0@ guc.zelenica@gmail.com Mana\u017eer\u00a0: Denis Berra Vedouc\u00ed GUC a velitel l\u00f3\u017ee:\u00a0Stanko Koblar \/ +386 40 627 808 Provozn\u00ed doba: Od 1.6. do 30.9. otev\u0159eno ka\u017ed\u00fd den, od 1.10. do 31.5. od st\u0159edy od 12:00 do ned\u011ble do 16:00 a v\u0161echny sv\u00e1tky a pr\u00e1zdniny. Pro [&hellip;]<\/p>\n","protected":false},"author":1,"featured_media":0,"parent":0,"menu_order":0,"comment_status":"closed","ping_status":"closed","template":"","meta":{"_uag_custom_page_level_css":"","iawp_total_views":13,"footnotes":""},"class_list":["post-8251","page","type-page","status-publish","hentry"],"yoast_head":"<!-- This site is optimized with the Yoast SEO plugin v27.2 - https:\/\/yoast.com\/product\/yoast-seo-wordpress\/ -->\n<title>Kontakt - Planinski dom na Zelenici<\/title>\n<meta name=\"robots\" content=\"index, follow, max-snippet:-1, max-image-preview:large, max-video-preview:-1\" \/>\n<link rel=\"canonical\" href=\"https:\/\/www.zelenica.info\/cs\/kontakt\/\" \/>\n<meta property=\"og:locale\" content=\"cs_CZ\" \/>\n<meta property=\"og:type\" content=\"article\" \/>\n<meta property=\"og:title\" content=\"Kontakt - Planinski dom na Zelenici\" \/>\n<meta property=\"og:description\" content=\"Kontakt Planinski dom na ZeleniciDoslov\u010de 394274 \u017dirovnica, Slovinsko T: +386 40 627 808\u00a0@ guc.zelenica@gmail.com Mana\u017eer\u00a0: Denis Berra Vedouc\u00ed GUC a velitel l\u00f3\u017ee:\u00a0Stanko Koblar \/ +386 40 627 808 Provozn\u00ed doba: Od 1.6. do 30.9. otev\u0159eno ka\u017ed\u00fd den, od 1.10. do 31.5. od st\u0159edy od 12:00 do ned\u011ble do 16:00 a v\u0161echny sv\u00e1tky a pr\u00e1zdniny. Pro [&hellip;]\" \/>\n<meta property=\"og:url\" content=\"https:\/\/www.zelenica.info\/cs\/kontakt\/\" \/>\n<meta property=\"og:site_name\" content=\"Planinski dom na Zelenici\" \/>\n<meta property=\"article:modified_time\" content=\"2024-12-01T12:46:53+00:00\" \/>\n<meta property=\"og:image\" content=\"https:\/\/www.zelenica.info\/wp-content\/uploads\/elementor\/thumbs\/pd-trzic-logo-qjkm24dvjy5g0i6pu3pf0kbl8a6k0psla8wa6ba7x0.jpg\" \/>\n<meta name=\"twitter:card\" content=\"summary_large_image\" \/>\n<meta name=\"twitter:label1\" content=\"Odhadovan\u00e1 doba \u010dten\u00ed\" \/>\n\t<meta name=\"twitter:data1\" content=\"1 minuta\" \/>\n<script type=\"application\/ld+json\" class=\"yoast-schema-graph\">{\"@context\":\"https:\/\/schema.org\",\"@graph\":[{\"@type\":\"WebPage\",\"@id\":\"https:\/\/www.zelenica.info\/cs\/kontakt\/\",\"url\":\"https:\/\/www.zelenica.info\/cs\/kontakt\/\",\"name\":\"Kontakt - Planinski dom na Zelenici\",\"isPartOf\":{\"@id\":\"https:\/\/www.zelenica.info\/cs\/#website\"},\"primaryImageOfPage\":{\"@id\":\"https:\/\/www.zelenica.info\/cs\/kontakt\/#primaryimage\"},\"image\":{\"@id\":\"https:\/\/www.zelenica.info\/cs\/kontakt\/#primaryimage\"},\"thumbnailUrl\":\"https:\/\/www.zelenica.info\/wp-content\/uploads\/elementor\/thumbs\/pd-trzic-logo-qjkm24dvjy5g0i6pu3pf0kbl8a6k0psla8wa6ba7x0.jpg\",\"datePublished\":\"2019-12-24T12:55:13+00:00\",\"dateModified\":\"2024-12-01T12:46:53+00:00\",\"breadcrumb\":{\"@id\":\"https:\/\/www.zelenica.info\/cs\/kontakt\/#breadcrumb\"},\"inLanguage\":\"cs\",\"potentialAction\":[{\"@type\":\"ReadAction\",\"target\":[\"https:\/\/www.zelenica.info\/cs\/kontakt\/\"]}]},{\"@type\":\"ImageObject\",\"inLanguage\":\"cs\",\"@id\":\"https:\/\/www.zelenica.info\/cs\/kontakt\/#primaryimage\",\"url\":\"https:\/\/www.zelenica.info\/wp-content\/uploads\/elementor\/thumbs\/pd-trzic-logo-qjkm24dvjy5g0i6pu3pf0kbl8a6k0psla8wa6ba7x0.jpg\",\"contentUrl\":\"https:\/\/www.zelenica.info\/wp-content\/uploads\/elementor\/thumbs\/pd-trzic-logo-qjkm24dvjy5g0i6pu3pf0kbl8a6k0psla8wa6ba7x0.jpg\"},{\"@type\":\"BreadcrumbList\",\"@id\":\"https:\/\/www.zelenica.info\/cs\/kontakt\/#breadcrumb\",\"itemListElement\":[{\"@type\":\"ListItem\",\"position\":1,\"name\":\"Home\",\"item\":\"https:\/\/www.zelenica.info\/cs\/\"},{\"@type\":\"ListItem\",\"position\":2,\"name\":\"Kontakt\"}]},{\"@type\":\"WebSite\",\"@id\":\"https:\/\/www.zelenica.info\/cs\/#website\",\"url\":\"https:\/\/www.zelenica.info\/cs\/\",\"name\":\"Planinski dom na Zelenici\",\"description\":\"GUC - Gorni\u0161ki u\u010dni center Zelenica\",\"potentialAction\":[{\"@type\":\"SearchAction\",\"target\":{\"@type\":\"EntryPoint\",\"urlTemplate\":\"https:\/\/www.zelenica.info\/cs\/?s={search_term_string}\"},\"query-input\":{\"@type\":\"PropertyValueSpecification\",\"valueRequired\":true,\"valueName\":\"search_term_string\"}}],\"inLanguage\":\"cs\"}]}<\/script>\n<!-- \/ Yoast SEO plugin. -->","yoast_head_json":{"title":"Kontakt - Planinski dom na Zelenici","robots":{"index":"index","follow":"follow","max-snippet":"max-snippet:-1","max-image-preview":"max-image-preview:large","max-video-preview":"max-video-preview:-1"},"canonical":"https:\/\/www.zelenica.info\/cs\/kontakt\/","og_locale":"cs_CZ","og_type":"article","og_title":"Kontakt - Planinski dom na Zelenici","og_description":"Kontakt Planinski dom na ZeleniciDoslov\u010de 394274 \u017dirovnica, Slovinsko T: +386 40 627 808\u00a0@ guc.zelenica@gmail.com Mana\u017eer\u00a0: Denis Berra Vedouc\u00ed GUC a velitel l\u00f3\u017ee:\u00a0Stanko Koblar \/ +386 40 627 808 Provozn\u00ed doba: Od 1.6. do 30.9. otev\u0159eno ka\u017ed\u00fd den, od 1.10. do 31.5. od st\u0159edy od 12:00 do ned\u011ble do 16:00 a v\u0161echny sv\u00e1tky a pr\u00e1zdniny. Pro [&hellip;]","og_url":"https:\/\/www.zelenica.info\/cs\/kontakt\/","og_site_name":"Planinski dom na Zelenici","article_modified_time":"2024-12-01T12:46:53+00:00","og_image":[{"url":"https:\/\/www.zelenica.info\/wp-content\/uploads\/elementor\/thumbs\/pd-trzic-logo-qjkm24dvjy5g0i6pu3pf0kbl8a6k0psla8wa6ba7x0.jpg","type":"","width":"","height":""}],"twitter_card":"summary_large_image","twitter_misc":{"Odhadovan\u00e1 doba \u010dten\u00ed":"1 minuta"},"schema":{"@context":"https:\/\/schema.org","@graph":[{"@type":"WebPage","@id":"https:\/\/www.zelenica.info\/cs\/kontakt\/","url":"https:\/\/www.zelenica.info\/cs\/kontakt\/","name":"Kontakt - Planinski dom na Zelenici","isPartOf":{"@id":"https:\/\/www.zelenica.info\/cs\/#website"},"primaryImageOfPage":{"@id":"https:\/\/www.zelenica.info\/cs\/kontakt\/#primaryimage"},"image":{"@id":"https:\/\/www.zelenica.info\/cs\/kontakt\/#primaryimage"},"thumbnailUrl":"https:\/\/www.zelenica.info\/wp-content\/uploads\/elementor\/thumbs\/pd-trzic-logo-qjkm24dvjy5g0i6pu3pf0kbl8a6k0psla8wa6ba7x0.jpg","datePublished":"2019-12-24T12:55:13+00:00","dateModified":"2024-12-01T12:46:53+00:00","breadcrumb":{"@id":"https:\/\/www.zelenica.info\/cs\/kontakt\/#breadcrumb"},"inLanguage":"cs","potentialAction":[{"@type":"ReadAction","target":["https:\/\/www.zelenica.info\/cs\/kontakt\/"]}]},{"@type":"ImageObject","inLanguage":"cs","@id":"https:\/\/www.zelenica.info\/cs\/kontakt\/#primaryimage","url":"https:\/\/www.zelenica.info\/wp-content\/uploads\/elementor\/thumbs\/pd-trzic-logo-qjkm24dvjy5g0i6pu3pf0kbl8a6k0psla8wa6ba7x0.jpg","contentUrl":"https:\/\/www.zelenica.info\/wp-content\/uploads\/elementor\/thumbs\/pd-trzic-logo-qjkm24dvjy5g0i6pu3pf0kbl8a6k0psla8wa6ba7x0.jpg"},{"@type":"BreadcrumbList","@id":"https:\/\/www.zelenica.info\/cs\/kontakt\/#breadcrumb","itemListElement":[{"@type":"ListItem","position":1,"name":"Home","item":"https:\/\/www.zelenica.info\/cs\/"},{"@type":"ListItem","position":2,"name":"Kontakt"}]},{"@type":"WebSite","@id":"https:\/\/www.zelenica.info\/cs\/#website","url":"https:\/\/www.zelenica.info\/cs\/","name":"Planinski dom na Zelenici","description":"GUC - Gorni\u0161ki u\u010dni center Zelenica","potentialAction":[{"@type":"SearchAction","target":{"@type":"EntryPoint","urlTemplate":"https:\/\/www.zelenica.info\/cs\/?s={search_term_string}"},"query-input":{"@type":"PropertyValueSpecification","valueRequired":true,"valueName":"search_term_string"}}],"inLanguage":"cs"}]}},"uagb_featured_image_src":{"full":false,"thumbnail":false,"medium":false,"medium_large":false,"large":false,"1536x1536":false,"2048x2048":false,"menu-24x24":false,"menu-36x36":false,"menu-48x48":false},"uagb_author_info":{"display_name":"tomaz","author_link":"https:\/\/www.zelenica.info\/cs\/author\/tomaz\/"},"uagb_comment_info":0,"uagb_excerpt":"Kontakt Planinski dom na ZeleniciDoslov\u010de 394274 \u017dirovnica, Slovinsko T: +386 40 627 808\u00a0@ guc.zelenica@gmail.com Mana\u017eer\u00a0: Denis Berra Vedouc\u00ed GUC a velitel l\u00f3\u017ee:\u00a0Stanko Koblar \/ +386 40 627 808 Provozn\u00ed doba: Od 1.6. do 30.9. otev\u0159eno ka\u017ed\u00fd den, od 1.10. do 31.5. od st\u0159edy od 12:00 do ned\u011ble do 16:00 a v\u0161echny sv\u00e1tky a pr\u00e1zdniny. Pro&hellip;","_links":{"self":[{"href":"https:\/\/www.zelenica.info\/cs\/wp-json\/wp\/v2\/pages\/8251","targetHints":{"allow":["GET"]}}],"collection":[{"href":"https:\/\/www.zelenica.info\/cs\/wp-json\/wp\/v2\/pages"}],"about":[{"href":"https:\/\/www.zelenica.info\/cs\/wp-json\/wp\/v2\/types\/page"}],"author":[{"embeddable":true,"href":"https:\/\/www.zelenica.info\/cs\/wp-json\/wp\/v2\/users\/1"}],"replies":[{"embeddable":true,"href":"https:\/\/www.zelenica.info\/cs\/wp-json\/wp\/v2\/comments?post=8251"}],"version-history":[{"count":4,"href":"https:\/\/www.zelenica.info\/cs\/wp-json\/wp\/v2\/pages\/8251\/revisions"}],"predecessor-version":[{"id":8255,"href":"https:\/\/www.zelenica.info\/cs\/wp-json\/wp\/v2\/pages\/8251\/revisions\/8255"}],"wp:attachment":[{"href":"https:\/\/www.zelenica.info\/cs\/wp-json\/wp\/v2\/media?parent=8251"}],"curies":[{"name":"wp","href":"https:\/\/api.w.org\/{rel}","templated":true}]}}