{"id":7999,"date":"2019-12-24T13:55:13","date_gmt":"2019-12-24T12:55:13","guid":{"rendered":"https:\/\/www.zelenica.info\/kontakt\/"},"modified":"2024-11-30T13:19:45","modified_gmt":"2024-11-30T12:19:45","slug":"kontakt","status":"publish","type":"page","link":"https:\/\/www.zelenica.info\/de\/kontakt\/","title":{"rendered":"Kontakt"},"content":{"rendered":"\t\t<div data-elementor-type=\"wp-page\" data-elementor-id=\"7999\" class=\"elementor elementor-7999 elementor-2055\" data-elementor-settings=\"{&quot;element_pack_global_tooltip_width&quot;:{&quot;unit&quot;:&quot;px&quot;,&quot;size&quot;:&quot;&quot;,&quot;sizes&quot;:[]},&quot;element_pack_global_tooltip_width_tablet&quot;:{&quot;unit&quot;:&quot;px&quot;,&quot;size&quot;:&quot;&quot;,&quot;sizes&quot;:[]},&quot;element_pack_global_tooltip_width_mobile&quot;:{&quot;unit&quot;:&quot;px&quot;,&quot;size&quot;:&quot;&quot;,&quot;sizes&quot;:[]},&quot;element_pack_global_tooltip_padding&quot;:{&quot;unit&quot;:&quot;px&quot;,&quot;top&quot;:&quot;&quot;,&quot;right&quot;:&quot;&quot;,&quot;bottom&quot;:&quot;&quot;,&quot;left&quot;:&quot;&quot;,&quot;isLinked&quot;:true},&quot;element_pack_global_tooltip_padding_tablet&quot;:{&quot;unit&quot;:&quot;px&quot;,&quot;top&quot;:&quot;&quot;,&quot;right&quot;:&quot;&quot;,&quot;bottom&quot;:&quot;&quot;,&quot;left&quot;:&quot;&quot;,&quot;isLinked&quot;:true},&quot;element_pack_global_tooltip_padding_mobile&quot;:{&quot;unit&quot;:&quot;px&quot;,&quot;top&quot;:&quot;&quot;,&quot;right&quot;:&quot;&quot;,&quot;bottom&quot;:&quot;&quot;,&quot;left&quot;:&quot;&quot;,&quot;isLinked&quot;:true},&quot;element_pack_global_tooltip_border_radius&quot;:{&quot;unit&quot;:&quot;px&quot;,&quot;top&quot;:&quot;&quot;,&quot;right&quot;:&quot;&quot;,&quot;bottom&quot;:&quot;&quot;,&quot;left&quot;:&quot;&quot;,&quot;isLinked&quot;:true},&quot;element_pack_global_tooltip_border_radius_tablet&quot;:{&quot;unit&quot;:&quot;px&quot;,&quot;top&quot;:&quot;&quot;,&quot;right&quot;:&quot;&quot;,&quot;bottom&quot;:&quot;&quot;,&quot;left&quot;:&quot;&quot;,&quot;isLinked&quot;:true},&quot;element_pack_global_tooltip_border_radius_mobile&quot;:{&quot;unit&quot;:&quot;px&quot;,&quot;top&quot;:&quot;&quot;,&quot;right&quot;:&quot;&quot;,&quot;bottom&quot;:&quot;&quot;,&quot;left&quot;:&quot;&quot;,&quot;isLinked&quot;:true}}\">\n\t\t\t\t\t\t<section class=\"xts-negative-gap elementor-section elementor-top-section elementor-element elementor-element-210180a elementor-section-boxed elementor-section-height-default elementor-section-height-default xts-section-disabled\" data-id=\"210180a\" data-element_type=\"section\" data-e-type=\"section\">\n\t\t\t\t\t\t<div class=\"elementor-container elementor-column-gap-default\">\n\t\t\t\t\t<div class=\"elementor-column elementor-col-50 elementor-top-column elementor-element elementor-element-9fada49\" data-id=\"9fada49\" data-element_type=\"column\" data-e-type=\"column\">\n\t\t\t<div class=\"elementor-widget-wrap elementor-element-populated\">\n\t\t\t\t\t\t<div class=\"elementor-element elementor-element-da8f908 xts-width-100 elementor-widget elementor-widget-xts_title\" data-id=\"da8f908\" data-element_type=\"widget\" data-e-type=\"widget\" data-widget_type=\"xts_title.default\">\n\t\t\t\t<div class=\"elementor-widget-container\">\n\t\t\t\t\t\t\t\t<div class=\"xts-section-heading xts-reset-mb-10 xts-reset-last xts-textalign-left\" data-animation-delay=\"\">\n\t\t\t\t\n\t\t\t\t\t\t\t\t\t<h1 class=\"xts-section-title title xts-design-default xts-fontsize-xl\">\n\t\t\t\t\t\t<span class=\"xts-section-title-text\" data-elementor-setting-key=\"title\">\n\t\t\t\t\t\t\tKontakt\t\t\t\t\t\t<\/span>\n\n\t\t\t\t\t\t\t\t\t\t\t<\/h1>\n\t\t\t\t\n\t\t\t\t\n\t\t\t\t\t\t\t\t\t<div class=\"xts-section-desc xts-fontsize-m\">\n\t\t\t\t\t\t<div class=\"xts-section-desc-text xts-reset-all-last\" data-elementor-setting-key=\"description\">\n\t\t\t\t\t\t\t<p><strong>Planinski dom na Zelenici<\/strong><br \/>Doslov\u010de 39<br \/>4274 \u017dirovnica, Slowenien<\/p>\t\t\t\t\t\t<\/div>\n\t\t\t\t\t<\/div>\n\t\t\t\t\t\t\t<\/div>\n\t\t\t\t\t\t<\/div>\n\t\t\t\t<\/div>\n\t\t\t\t<div class=\"elementor-element elementor-element-bc36e0d xts-width-100 elementor-widget elementor-widget-xts_title\" data-id=\"bc36e0d\" data-element_type=\"widget\" data-e-type=\"widget\" data-widget_type=\"xts_title.default\">\n\t\t\t\t<div class=\"elementor-widget-container\">\n\t\t\t\t\t\t\t\t<div class=\"xts-section-heading xts-reset-mb-10 xts-reset-last xts-textalign-left\" data-animation-delay=\"\">\n\t\t\t\t\n\t\t\t\t\n\t\t\t\t\n\t\t\t\t\t\t\t\t\t<div class=\"xts-section-desc xts-fontsize-m\">\n\t\t\t\t\t\t<div class=\"xts-section-desc-text xts-reset-all-last\" data-elementor-setting-key=\"description\">\n\t\t\t\t\t\t\t<p><strong>T: +386 40 627 808\u00a0<\/strong><br \/><strong><a href=\"mailto:guc.zelenica@gmail.com\">@ guc.zelenica@gmail.com<\/a><\/strong><\/p>\t\t\t\t\t\t<\/div>\n\t\t\t\t\t<\/div>\n\t\t\t\t\t\t\t<\/div>\n\t\t\t\t\t\t<\/div>\n\t\t\t\t<\/div>\n\t\t\t\t<div class=\"elementor-element elementor-element-49f37bf xts-width-100 elementor-widget elementor-widget-xts_title\" data-id=\"49f37bf\" data-element_type=\"widget\" data-e-type=\"widget\" data-widget_type=\"xts_title.default\">\n\t\t\t\t<div class=\"elementor-widget-container\">\n\t\t\t\t\t\t\t\t<div class=\"xts-section-heading xts-reset-mb-10 xts-reset-last xts-textalign-left\" data-animation-delay=\"\">\n\t\t\t\t\n\t\t\t\t\n\t\t\t\t\n\t\t\t\t\t\t\t\t\t<div class=\"xts-section-desc xts-fontsize-m\">\n\t\t\t\t\t\t<div class=\"xts-section-desc-text xts-reset-all-last\" data-elementor-setting-key=\"description\">\n\t\t\t\t\t\t\t<p><strong>H\u00fcttenwirt<\/strong>: Denis Berra<\/p>\t\t\t\t\t\t<\/div>\n\t\t\t\t\t<\/div>\n\t\t\t\t\t\t\t<\/div>\n\t\t\t\t\t\t<\/div>\n\t\t\t\t<\/div>\n\t\t\t\t<div class=\"elementor-element elementor-element-133a394 xts-width-100 elementor-widget elementor-widget-xts_title\" data-id=\"133a394\" data-element_type=\"widget\" data-e-type=\"widget\" data-widget_type=\"xts_title.default\">\n\t\t\t\t<div class=\"elementor-widget-container\">\n\t\t\t\t\t\t\t\t<div class=\"xts-section-heading xts-reset-mb-10 xts-reset-last xts-textalign-left\" data-animation-delay=\"\">\n\t\t\t\t\n\t\t\t\t\n\t\t\t\t\n\t\t\t\t\t\t\t\t\t<div class=\"xts-section-desc xts-fontsize-m\">\n\t\t\t\t\t\t<div class=\"xts-section-desc-text xts-reset-all-last\" data-elementor-setting-key=\"description\">\n\t\t\t\t\t\t\t<p><strong>Leiter der GUC und Logenmeister:<\/strong><br \/>Stanko Koblar \/ +384 40 627 808<\/p>\t\t\t\t\t\t<\/div>\n\t\t\t\t\t<\/div>\n\t\t\t\t\t\t\t<\/div>\n\t\t\t\t\t\t<\/div>\n\t\t\t\t<\/div>\n\t\t\t\t\t<\/div>\n\t\t<\/div>\n\t\t\t\t<div class=\"elementor-column elementor-col-50 elementor-top-column elementor-element elementor-element-a54fc23\" data-id=\"a54fc23\" data-element_type=\"column\" data-e-type=\"column\">\n\t\t\t<div class=\"elementor-widget-wrap elementor-element-populated\">\n\t\t\t\t\t\t<div class=\"elementor-element elementor-element-40d987c xts-width-100 elementor-widget elementor-widget-xts_title\" data-id=\"40d987c\" data-element_type=\"widget\" data-e-type=\"widget\" data-widget_type=\"xts_title.default\">\n\t\t\t\t<div class=\"elementor-widget-container\">\n\t\t\t\t\t\t\t\t<div class=\"xts-section-heading xts-reset-mb-10 xts-reset-last xts-textalign-left\" data-animation-delay=\"\">\n\t\t\t\t\n\t\t\t\t\t\t\t\t\t<h4 class=\"xts-section-title title xts-design-default xts-fontsize-l\">\n\t\t\t\t\t\t<span class=\"xts-section-title-text\" data-elementor-setting-key=\"title\">\n\t\t\t\t\t\t\t\u00d6ffnungszeiten:\t\t\t\t\t\t<\/span>\n\n\t\t\t\t\t\t\t\t\t\t\t<\/h4>\n\t\t\t\t\n\t\t\t\t\n\t\t\t\t\t\t\t\t\t<div class=\"xts-section-desc xts-fontsize-m\">\n\t\t\t\t\t\t<div class=\"xts-section-desc-text xts-reset-all-last\" data-elementor-setting-key=\"description\">\n\t\t\t\t\t\t\t<ul><li>Vom 1.6. bis 30.9. t\u00e4glich ge\u00f6ffnet,<\/li><li>vom 1.10. bis 31.5. von Freitag 12:00 Uhr bis Sonntag 16:00 Uhr, sowie an allen Feiertagen und Ferien. Auch an den anderen Tagen haben wir f\u00fcr Gruppen ge\u00f6ffnet.<\/li><\/ul>\t\t\t\t\t\t<\/div>\n\t\t\t\t\t<\/div>\n\t\t\t\t\t\t\t<\/div>\n\t\t\t\t\t\t<\/div>\n\t\t\t\t<\/div>\n\t\t\t\t<div class=\"elementor-element elementor-element-2cdaadd xts-width-100 elementor-widget elementor-widget-xts_title\" data-id=\"2cdaadd\" data-element_type=\"widget\" data-e-type=\"widget\" data-widget_type=\"xts_title.default\">\n\t\t\t\t<div class=\"elementor-widget-container\">\n\t\t\t\t\t\t\t\t<div class=\"xts-section-heading xts-reset-mb-10 xts-reset-last xts-textalign-left\" data-animation-delay=\"\">\n\t\t\t\t\n\t\t\t\t\n\t\t\t\t\n\t\t\t\t\t\t\t\t\t<div class=\"xts-section-desc xts-fontsize-m\">\n\t\t\t\t\t\t<div class=\"xts-section-desc-text xts-reset-all-last\" data-elementor-setting-key=\"description\">\n\t\t\t\t\t\t\t<p>Eigent\u00fcmer und Betreiber der H\u00fctte ist\u00a0<strong><a href=\"http:\/\/www.planinsko-drustvo-trzic.si\/\" target=\"_blank\" rel=\"noopener\">Planinsko dru\u0161tvo Tr\u017ei\u010d<\/a><\/strong><\/p>\t\t\t\t\t\t<\/div>\n\t\t\t\t\t<\/div>\n\t\t\t\t\t\t\t<\/div>\n\t\t\t\t\t\t<\/div>\n\t\t\t\t<\/div>\n\t\t\t\t<div class=\"elementor-element elementor-element-5494265 elementor-widget elementor-widget-xts_image\" data-id=\"5494265\" data-element_type=\"widget\" data-e-type=\"widget\" data-widget_type=\"xts_image.default\">\n\t\t\t\t<div class=\"elementor-widget-container\">\n\t\t\t\t\t\t\t\t<div class=\"xts-image-single xts-textalign-left\">\n\t\t\t\t<figure class=\"xts-image\">\n\t\t\t\t\t\t\t\t\t\t\t<a  href=\"https:\/\/www.planinsko-drustvo-trzic.si\/\" target=\"_blank\" class=\"xts-image-inner\">\n\t\t\t\t\t\n\t\t\t\t\t\t<img decoding=\"async\" src=\"https:\/\/www.zelenica.info\/wp-content\/uploads\/elementor\/thumbs\/pd-trzic-logo-qjkm24dvjy5g0i6pu3pf0kbl8a6k0psla8wa6ba7x0.jpg\" title=\"pd-trzic-logo\" alt=\"pd-trzic-logo\" loading=\"lazy\" \/>\n\t\t\t\t\t\t\t\t\t\t\t<\/a>\n\t\t\t\t\t\n\t\t\t\t\t\t\t\t\t<\/figure>\n\n\t\t\t\t\t\t\t<\/div>\n\t\t\t\t\t\t<\/div>\n\t\t\t\t<\/div>\n\t\t\t\t\t<\/div>\n\t\t<\/div>\n\t\t\t\t\t<\/div>\n\t\t<\/section>\n\t\t\t\t<\/div>\n\t\t","protected":false},"excerpt":{"rendered":"<p>Kontakt Planinski dom na ZeleniciDoslov\u010de 394274 \u017dirovnica, Slowenien T: +386 40 627 808\u00a0@ guc.zelenica@gmail.com H\u00fcttenwirt: Denis Berra Leiter der GUC und Logenmeister:Stanko Koblar \/ +384 40 627 808 \u00d6ffnungszeiten: Vom 1.6. bis 30.9. t\u00e4glich ge\u00f6ffnet, vom 1.10. bis 31.5. von Freitag 12:00 Uhr bis Sonntag 16:00 Uhr, sowie an allen Feiertagen und Ferien. Auch an [&hellip;]<\/p>\n","protected":false},"author":1,"featured_media":0,"parent":0,"menu_order":0,"comment_status":"closed","ping_status":"closed","template":"","meta":{"_uag_custom_page_level_css":"","iawp_total_views":2,"footnotes":""},"class_list":["post-7999","page","type-page","status-publish","hentry"],"yoast_head":"<!-- This site is optimized with the Yoast SEO plugin v27.2 - https:\/\/yoast.com\/product\/yoast-seo-wordpress\/ -->\n<title>Kontakt - Planinski dom na Zelenici<\/title>\n<meta name=\"robots\" content=\"index, follow, max-snippet:-1, max-image-preview:large, max-video-preview:-1\" \/>\n<link rel=\"canonical\" href=\"https:\/\/www.zelenica.info\/de\/kontakt\/\" \/>\n<meta property=\"og:locale\" content=\"de_DE\" \/>\n<meta property=\"og:type\" content=\"article\" \/>\n<meta property=\"og:title\" content=\"Kontakt - Planinski dom na Zelenici\" \/>\n<meta property=\"og:description\" content=\"Kontakt Planinski dom na ZeleniciDoslov\u010de 394274 \u017dirovnica, Slowenien T: +386 40 627 808\u00a0@ guc.zelenica@gmail.com H\u00fcttenwirt: Denis Berra Leiter der GUC und Logenmeister:Stanko Koblar \/ +384 40 627 808 \u00d6ffnungszeiten: Vom 1.6. bis 30.9. t\u00e4glich ge\u00f6ffnet, vom 1.10. bis 31.5. von Freitag 12:00 Uhr bis Sonntag 16:00 Uhr, sowie an allen Feiertagen und Ferien. Auch an [&hellip;]\" \/>\n<meta property=\"og:url\" content=\"https:\/\/www.zelenica.info\/de\/kontakt\/\" \/>\n<meta property=\"og:site_name\" content=\"Planinski dom na Zelenici\" \/>\n<meta property=\"article:modified_time\" content=\"2024-11-30T12:19:45+00:00\" \/>\n<meta property=\"og:image\" content=\"https:\/\/www.zelenica.info\/wp-content\/uploads\/elementor\/thumbs\/pd-trzic-logo-qjkm24dvjy5g0i6pu3pf0kbl8a6k0psla8wa6ba7x0.jpg\" \/>\n<meta name=\"twitter:card\" content=\"summary_large_image\" \/>\n<meta name=\"twitter:label1\" content=\"Gesch\u00e4tzte Lesezeit\" \/>\n\t<meta name=\"twitter:data1\" content=\"1\u00a0Minute\" \/>\n<script type=\"application\/ld+json\" class=\"yoast-schema-graph\">{\"@context\":\"https:\/\/schema.org\",\"@graph\":[{\"@type\":\"WebPage\",\"@id\":\"https:\/\/www.zelenica.info\/de\/kontakt\/\",\"url\":\"https:\/\/www.zelenica.info\/de\/kontakt\/\",\"name\":\"Kontakt - Planinski dom na Zelenici\",\"isPartOf\":{\"@id\":\"https:\/\/www.zelenica.info\/de\/#website\"},\"primaryImageOfPage\":{\"@id\":\"https:\/\/www.zelenica.info\/de\/kontakt\/#primaryimage\"},\"image\":{\"@id\":\"https:\/\/www.zelenica.info\/de\/kontakt\/#primaryimage\"},\"thumbnailUrl\":\"https:\/\/www.zelenica.info\/wp-content\/uploads\/elementor\/thumbs\/pd-trzic-logo-qjkm24dvjy5g0i6pu3pf0kbl8a6k0psla8wa6ba7x0.jpg\",\"datePublished\":\"2019-12-24T12:55:13+00:00\",\"dateModified\":\"2024-11-30T12:19:45+00:00\",\"breadcrumb\":{\"@id\":\"https:\/\/www.zelenica.info\/de\/kontakt\/#breadcrumb\"},\"inLanguage\":\"de\",\"potentialAction\":[{\"@type\":\"ReadAction\",\"target\":[\"https:\/\/www.zelenica.info\/de\/kontakt\/\"]}]},{\"@type\":\"ImageObject\",\"inLanguage\":\"de\",\"@id\":\"https:\/\/www.zelenica.info\/de\/kontakt\/#primaryimage\",\"url\":\"https:\/\/www.zelenica.info\/wp-content\/uploads\/elementor\/thumbs\/pd-trzic-logo-qjkm24dvjy5g0i6pu3pf0kbl8a6k0psla8wa6ba7x0.jpg\",\"contentUrl\":\"https:\/\/www.zelenica.info\/wp-content\/uploads\/elementor\/thumbs\/pd-trzic-logo-qjkm24dvjy5g0i6pu3pf0kbl8a6k0psla8wa6ba7x0.jpg\"},{\"@type\":\"BreadcrumbList\",\"@id\":\"https:\/\/www.zelenica.info\/de\/kontakt\/#breadcrumb\",\"itemListElement\":[{\"@type\":\"ListItem\",\"position\":1,\"name\":\"Home\",\"item\":\"https:\/\/www.zelenica.info\/de\/\"},{\"@type\":\"ListItem\",\"position\":2,\"name\":\"Kontakt\"}]},{\"@type\":\"WebSite\",\"@id\":\"https:\/\/www.zelenica.info\/de\/#website\",\"url\":\"https:\/\/www.zelenica.info\/de\/\",\"name\":\"Planinski dom na Zelenici\",\"description\":\"GUC - Gorni\u0161ki u\u010dni center Zelenica\",\"potentialAction\":[{\"@type\":\"SearchAction\",\"target\":{\"@type\":\"EntryPoint\",\"urlTemplate\":\"https:\/\/www.zelenica.info\/de\/?s={search_term_string}\"},\"query-input\":{\"@type\":\"PropertyValueSpecification\",\"valueRequired\":true,\"valueName\":\"search_term_string\"}}],\"inLanguage\":\"de\"}]}<\/script>\n<!-- \/ Yoast SEO plugin. -->","yoast_head_json":{"title":"Kontakt - Planinski dom na Zelenici","robots":{"index":"index","follow":"follow","max-snippet":"max-snippet:-1","max-image-preview":"max-image-preview:large","max-video-preview":"max-video-preview:-1"},"canonical":"https:\/\/www.zelenica.info\/de\/kontakt\/","og_locale":"de_DE","og_type":"article","og_title":"Kontakt - Planinski dom na Zelenici","og_description":"Kontakt Planinski dom na ZeleniciDoslov\u010de 394274 \u017dirovnica, Slowenien T: +386 40 627 808\u00a0@ guc.zelenica@gmail.com H\u00fcttenwirt: Denis Berra Leiter der GUC und Logenmeister:Stanko Koblar \/ +384 40 627 808 \u00d6ffnungszeiten: Vom 1.6. bis 30.9. t\u00e4glich ge\u00f6ffnet, vom 1.10. bis 31.5. von Freitag 12:00 Uhr bis Sonntag 16:00 Uhr, sowie an allen Feiertagen und Ferien. Auch an [&hellip;]","og_url":"https:\/\/www.zelenica.info\/de\/kontakt\/","og_site_name":"Planinski dom na Zelenici","article_modified_time":"2024-11-30T12:19:45+00:00","og_image":[{"url":"https:\/\/www.zelenica.info\/wp-content\/uploads\/elementor\/thumbs\/pd-trzic-logo-qjkm24dvjy5g0i6pu3pf0kbl8a6k0psla8wa6ba7x0.jpg","type":"","width":"","height":""}],"twitter_card":"summary_large_image","twitter_misc":{"Gesch\u00e4tzte Lesezeit":"1\u00a0Minute"},"schema":{"@context":"https:\/\/schema.org","@graph":[{"@type":"WebPage","@id":"https:\/\/www.zelenica.info\/de\/kontakt\/","url":"https:\/\/www.zelenica.info\/de\/kontakt\/","name":"Kontakt - Planinski dom na Zelenici","isPartOf":{"@id":"https:\/\/www.zelenica.info\/de\/#website"},"primaryImageOfPage":{"@id":"https:\/\/www.zelenica.info\/de\/kontakt\/#primaryimage"},"image":{"@id":"https:\/\/www.zelenica.info\/de\/kontakt\/#primaryimage"},"thumbnailUrl":"https:\/\/www.zelenica.info\/wp-content\/uploads\/elementor\/thumbs\/pd-trzic-logo-qjkm24dvjy5g0i6pu3pf0kbl8a6k0psla8wa6ba7x0.jpg","datePublished":"2019-12-24T12:55:13+00:00","dateModified":"2024-11-30T12:19:45+00:00","breadcrumb":{"@id":"https:\/\/www.zelenica.info\/de\/kontakt\/#breadcrumb"},"inLanguage":"de","potentialAction":[{"@type":"ReadAction","target":["https:\/\/www.zelenica.info\/de\/kontakt\/"]}]},{"@type":"ImageObject","inLanguage":"de","@id":"https:\/\/www.zelenica.info\/de\/kontakt\/#primaryimage","url":"https:\/\/www.zelenica.info\/wp-content\/uploads\/elementor\/thumbs\/pd-trzic-logo-qjkm24dvjy5g0i6pu3pf0kbl8a6k0psla8wa6ba7x0.jpg","contentUrl":"https:\/\/www.zelenica.info\/wp-content\/uploads\/elementor\/thumbs\/pd-trzic-logo-qjkm24dvjy5g0i6pu3pf0kbl8a6k0psla8wa6ba7x0.jpg"},{"@type":"BreadcrumbList","@id":"https:\/\/www.zelenica.info\/de\/kontakt\/#breadcrumb","itemListElement":[{"@type":"ListItem","position":1,"name":"Home","item":"https:\/\/www.zelenica.info\/de\/"},{"@type":"ListItem","position":2,"name":"Kontakt"}]},{"@type":"WebSite","@id":"https:\/\/www.zelenica.info\/de\/#website","url":"https:\/\/www.zelenica.info\/de\/","name":"Planinski dom na Zelenici","description":"GUC - Gorni\u0161ki u\u010dni center Zelenica","potentialAction":[{"@type":"SearchAction","target":{"@type":"EntryPoint","urlTemplate":"https:\/\/www.zelenica.info\/de\/?s={search_term_string}"},"query-input":{"@type":"PropertyValueSpecification","valueRequired":true,"valueName":"search_term_string"}}],"inLanguage":"de"}]}},"uagb_featured_image_src":{"full":false,"thumbnail":false,"medium":false,"medium_large":false,"large":false,"1536x1536":false,"2048x2048":false,"menu-24x24":false,"menu-36x36":false,"menu-48x48":false},"uagb_author_info":{"display_name":"tomaz","author_link":"https:\/\/www.zelenica.info\/de\/author\/tomaz\/"},"uagb_comment_info":0,"uagb_excerpt":"Kontakt Planinski dom na ZeleniciDoslov\u010de 394274 \u017dirovnica, Slowenien T: +386 40 627 808\u00a0@ guc.zelenica@gmail.com H\u00fcttenwirt: Denis Berra Leiter der GUC und Logenmeister:Stanko Koblar \/ +384 40 627 808 \u00d6ffnungszeiten: Vom 1.6. bis 30.9. t\u00e4glich ge\u00f6ffnet, vom 1.10. bis 31.5. von Freitag 12:00 Uhr bis Sonntag 16:00 Uhr, sowie an allen Feiertagen und Ferien. Auch an&hellip;","_links":{"self":[{"href":"https:\/\/www.zelenica.info\/de\/wp-json\/wp\/v2\/pages\/7999","targetHints":{"allow":["GET"]}}],"collection":[{"href":"https:\/\/www.zelenica.info\/de\/wp-json\/wp\/v2\/pages"}],"about":[{"href":"https:\/\/www.zelenica.info\/de\/wp-json\/wp\/v2\/types\/page"}],"author":[{"embeddable":true,"href":"https:\/\/www.zelenica.info\/de\/wp-json\/wp\/v2\/users\/1"}],"replies":[{"embeddable":true,"href":"https:\/\/www.zelenica.info\/de\/wp-json\/wp\/v2\/comments?post=7999"}],"version-history":[{"count":6,"href":"https:\/\/www.zelenica.info\/de\/wp-json\/wp\/v2\/pages\/7999\/revisions"}],"predecessor-version":[{"id":8016,"href":"https:\/\/www.zelenica.info\/de\/wp-json\/wp\/v2\/pages\/7999\/revisions\/8016"}],"wp:attachment":[{"href":"https:\/\/www.zelenica.info\/de\/wp-json\/wp\/v2\/media?parent=7999"}],"curies":[{"name":"wp","href":"https:\/\/api.w.org\/{rel}","templated":true}]}}